{"id":149,"date":"2026-01-20T09:44:06","date_gmt":"2026-01-20T09:44:06","guid":{"rendered":"https:\/\/www.lalbenqueensemble.fr\/?page_id=149"},"modified":"2026-02-09T13:53:31","modified_gmt":"2026-02-09T13:53:31","slug":"lettre-aux-lalbenquoises-et-aux-lalbenquois","status":"publish","type":"page","link":"https:\/\/www.lalbenqueensemble.fr\/index.php\/lettre-aux-lalbenquoises-et-aux-lalbenquois\/","title":{"rendered":"Annonce de candidature"},"content":{"rendered":"<div data-colibri-id=\"149-c1\" class=\"style-336 style-local-149-c1 position-relative\">\r\n  <!---->\r\n  <div data-colibri-component=\"section\" data-colibri-id=\"149-c2\" id=\"initial-content\" class=\"h-section h-section-global-spacing d-flex align-items-lg-center align-items-md-center align-items-center style-337 style-local-149-c2 position-relative\">\r\n    <!---->\r\n    <!---->\r\n    <div class=\"h-section-grid-container h-section-boxed-container\">\r\n      <!---->\r\n      <div data-colibri-id=\"149-c3\" class=\"h-row-container gutters-row-lg-2 gutters-row-md-2 gutters-row-0 gutters-row-v-lg-2 gutters-row-v-md-2 gutters-row-v-2 style-338 style-local-149-c3 position-relative\">\r\n        <!---->\r\n        <div class=\"h-row justify-content-lg-center justify-content-md-center justify-content-center align-items-lg-stretch align-items-md-stretch align-items-stretch gutters-col-lg-2 gutters-col-md-2 gutters-col-0 gutters-col-v-lg-2 gutters-col-v-md-2 gutters-col-v-2\">\r\n          <!---->\r\n          <div class=\"h-column h-column-container d-flex h-col-lg-auto h-col-md-auto h-col-auto style-339-outer style-local-149-c4-outer\">\r\n            <div data-colibri-id=\"149-c4\" class=\"d-flex h-flex-basis h-column__inner h-px-lg-2 h-px-md-2 h-px-2 v-inner-lg-2 v-inner-md-2 v-inner-2 style-339 style-local-149-c4 position-relative\">\r\n              <!---->\r\n              <!---->\r\n              <div class=\"w-100 h-y-container h-column__content h-column__v-align flex-basis-100 align-self-lg-start align-self-md-start align-self-start\">\r\n                <!---->\r\n                <div data-colibri-id=\"149-c5\" class=\"style-340 style-local-149-c5 position-relative h-element\">\r\n                  <!---->\r\n                  <div>\r\n                    \r\n                    <figure class=\"wp-block-image size-full is-resized\">\r\n                      <img loading=\"lazy\" decoding=\"async\" width=\"723\" height=\"967\" src=\"https:\/\/www.lalbenqueensemble.fr\/wp-content\/uploads\/2026\/01\/IMG_2739-copie.jpeg\" alt=\"\" class=\"wp-image-151\" style=\"aspect-ratio:0.7476852973968685;width:194px;height:auto\" srcset=\"https:\/\/www.lalbenqueensemble.fr\/wp-content\/uploads\/2026\/01\/IMG_2739-copie.jpeg 723w, https:\/\/www.lalbenqueensemble.fr\/wp-content\/uploads\/2026\/01\/IMG_2739-copie-224x300.jpeg 224w\" sizes=\"auto, (max-width: 723px) 100vw, 723px\" \/>\r\n                    <\/figure>\r\n                    \r\n\r\n                    \r\n                    <div class=\"wp-block-group is-nowrap is-layout-flex wp-container-core-group-is-layout-ad2f72ca wp-block-group-is-layout-flex\">\r\n                      \r\n                      <p>Ch\u00e8res Lalbenquoises, chers Lalbenquois, <\/p>\r\n                      \r\n                    <\/div>\r\n                    \r\n\r\n                    \r\n                    <p><\/p>\r\n                    \r\n\r\n                    \r\n                    <p>Avant toute chose,<strong>&nbsp;je tiens \u00e0 remercier chaleureusement Liliane Lugol, maire sortante, pour son d\u00e9vouement et pour le travail qu\u2019elle a&nbsp;men\u00e9 depuis 2020<\/strong>.&nbsp;Apr\u00e8s l\u2019annonce de son retrait, j\u2019ai l\u2019honneur\r\n                      de conduire la liste \u201cLalbenque Ensemble\u201d&nbsp;lors des prochaines \u00e9lections municipales des 15 et 22 mars 2026 afin de&nbsp;continuer les actions engag\u00e9es.&nbsp;<\/p>\r\n                    \r\n\r\n                    \r\n                    <div class=\"wp-block-group is-nowrap is-layout-flex wp-container-core-group-is-layout-ad2f72ca wp-block-group-is-layout-flex\">\r\n                      \r\n                      <p>Il y a plus d\u2019un mois, la campagne des \u00e9lections municipales a d\u00e9but\u00e9 avec l\u2019annonce de la liste \u00ab Lalbenque Energie Commune \u00bb. Pendant 6 ans, nous avons travaill\u00e9 avec certains membres de cette liste, \u00e9lus, qui ont choisi de reprendre\r\n                        leur ind\u00e9pendance.&nbsp;<strong>Je respecte cette d\u00e9cision.<\/strong>&nbsp;Pour ma part,&nbsp;<strong>je fais le choix de la continuit\u00e9, de la responsabilit\u00e9 et de l\u2019engagement collectif. Fier de notre bilan, je suis convaincu que Lalbenque a chang\u00e9 gr\u00e2ce aux projets que nous avons port\u00e9s.<\/strong><\/p>\r\n                      \r\n                    <\/div>\r\n                    \r\n\r\n                    \r\n                    <p>Dans un contexte international instable et inqui\u00e9tant, un contexte national o\u00f9 la vie politique semble lointaine et d\u00e9connect\u00e9e des r\u00e9alit\u00e9s,&nbsp;<strong>je suis certain que la commune est un lieu essentiel o\u00f9 l\u2019on peut encore donner du sens \u00e0 l\u2019action publique<\/strong>,\r\n                      agir concr\u00e8tement pour am\u00e9liorer la vie des Lalbenquoises et des Lalbenquois&nbsp;et construire, ensemble, un avenir meilleur.<\/p>\r\n                    \r\n\r\n                    \r\n                    <p><strong>Enfant du village, profond\u00e9ment attach\u00e9 \u00e0 ce territoire,<\/strong>&nbsp;je suis dipl\u00f4m\u00e9 en droit et en sciences politiques, titulaire d\u2019un master en g\u00e9opolitique locale et am\u00e9nagement du territoire. Apr\u00e8s avoir r\u00e9alis\u00e9 un projet\r\n                      immobilier, j\u2019ai cr\u00e9\u00e9 mon entreprise sp\u00e9cialis\u00e9e dans le conseil aux collectivit\u00e9s territoriales. Depuis toujours, je me&nbsp;suis engag\u00e9 au sein des associations locales,&nbsp;<strong>avec enthousiasme et d\u00e9termination pour&nbsp;r\u00e9aliser&nbsp;des projets collectifs qui ont marqu\u00e9 la vie du village.<\/strong><\/p>\r\n                    \r\n\r\n                    \r\n                    <p><strong>En tant qu\u2019adjoint au maire, j\u2019ai assum\u00e9 pleinement mes d\u00e9l\u00e9gations :<\/strong>&nbsp;de la conception des projets \u00e0 la recherche de subventions, jusqu\u2019\u00e0 leur r\u00e9alisation.&nbsp;<strong>J\u2019ai eu l\u2019honneur de porter plusieurs projets structurants :<\/strong>&nbsp;l\u2019\u00e9tude\r\n                      urbaine \u00ab Vision Lalbenque 2035 \u00bb, l\u2019Amphith\u00e9\u00e2tre, les travaux du Tiers lieu, les am\u00e9nagements \u00e0 Saint-Hilaire, la r\u00e9novation des logements sociaux, la structuration des services techniques, ou encore, les am\u00e9nagements sportifs autour\r\n                      de la piscine.&nbsp;<\/p>\r\n                    \r\n\r\n                    \r\n                    <p><strong>Fid\u00e8le aux valeurs de d\u00e9mocratie participative, de justice sociale et d\u2019\u00e9cologie,&nbsp;<\/strong>la liste \u201cLalbenque Ensemble\u201d,&nbsp;s\u2019inscrit dans la continuit\u00e9 du travail engag\u00e9.&nbsp;<strong>La vitalit\u00e9 du territoire est au c\u0153ur de ses priorit\u00e9s,<\/strong>&nbsp;soutenant\r\n                      les acteurs \u00e9conomiques et associatifs existants et cr\u00e9ant les conditions favorables \u00e0 de nouvelles dynamiques.<\/p>\r\n                    \r\n\r\n                    \r\n                    <p>Notre \u00e9quipe est consciente des enjeux de d\u00e9veloppement de notre commune.&nbsp;<strong>Nous savons agir avec r\u00e9alisme, lucidit\u00e9 et transparence tout en gardant une strat\u00e9gie aux objectifs \u00e9lev\u00e9s.&nbsp;<\/strong><\/p>\r\n                    \r\n\r\n                    \r\n                    <p>D\u00e8s le d\u00e9but du mandat,<strong>&nbsp;nous finaliserons le projet de la Plaine de jeux :&nbsp;<\/strong>apr\u00e8s plusieurs ann\u00e9es de proc\u00e9dure amiable, une d\u00e9cision importante&nbsp;a \u00e9t\u00e9 prise pour achever&nbsp;ce dossier complexe&nbsp;dans\r\n                      les meilleures conditions&nbsp;techniques et financi\u00e8res.<strong>&nbsp;Le projet sera men\u00e9 \u00e0 son terme.&nbsp;<\/strong><\/p>\r\n                    \r\n\r\n                    \r\n                    <p>D\u00e8s \u00e0 pr\u00e9sent, nous tenons \u00e0 vous pr\u00e9senter&nbsp;<strong>nos&nbsp;trois projets prioritaires pour le mandat \u00e0 venir :<\/strong><\/p>\r\n                    \r\n\r\n                    \r\n                    <p><strong>Am\u00e9liorer l\u2019environnement de l\u2019\u00e9cole publique, l\u2019adapter au d\u00e9r\u00e8glement climatique, pour favoriser&nbsp;le confort des \u00e9l\u00e8ves et des personnels :<\/strong>&nbsp;r\u00e9novation des cours de l\u2019\u00e9cole, s\u00e9curisation des acc\u00e8s et am\u00e9nagement&nbsp;de\r\n                      nouveaux espaces de vie.&nbsp;<\/p>\r\n                    \r\n\r\n                    \r\n                    <p><strong>Concr\u00e9tiser la \u00ab Vision Lalbenque 2035 \u00bb pour relancer la vitalit\u00e9 du centre bourg :<\/strong>&nbsp;sur la base des \u00e9tudes men\u00e9es, nous enclencherons la premi\u00e8re phase de l\u2019\u00e9tude urbaine avec la place de la Bascule et la cr\u00e9ation&nbsp;d\u2019une&nbsp;petite\r\n                      halle, \u00e9l\u00e9ment phare pour cr\u00e9er une ambiance de village.&nbsp;<\/p>\r\n                    \r\n\r\n                    \r\n                    <p>Fid\u00e8les \u00e0 notre volont\u00e9 de construire une vision \u00e0 long terme de l\u2019am\u00e9nagement du territoire,&nbsp;<strong>nous entamerons les \u00e9tudessur le p\u00f4le touristique et scientifique autour de la truffe.&nbsp;Nous explorerons toutes les hypoth\u00e8ses afin que ce projet ne soit pas&nbsp;seulement port\u00e9 par la commune mais par&nbsp;une diversit\u00e9 d\u2019acteurs :&nbsp;Intercommunalit\u00e9, D\u00e9partement, R\u00e9gion,Minist\u00e8re de la culture, &#8230;<\/strong><\/p>\r\n                    \r\n\r\n                    \r\n                    <p>La liste \u201cLalbenque Ensemble\u201d&nbsp;est r\u00e9solument&nbsp;<strong>interg\u00e9n\u00e9rationnelle et ouverte \u00e0 toutes celles et ceux qui souhaitent s\u2019investir pour Lalbenque<\/strong>, quelles que soient leurs exp\u00e9riences ou leurs parcours.&nbsp;<strong>Je peux d\u00e9j\u00e0&nbsp;compter sur les \u00e9lus sortants qui renouvellent leur engagement :<\/strong>&nbsp;Myriam\r\n                      L\u00e9zouret-Conquet, Serge Charonnat, Marion Bastit et Guillaume Bismes.&nbsp;<\/p>\r\n                    \r\n\r\n                    \r\n                    <p><strong>Anim\u00e9 par l\u2019optimisme, le sens du collectif et l\u2019int\u00e9r\u00eat g\u00e9n\u00e9ral, je vous propose de continuer&nbsp;\u00e0 imaginer, construire et faire vivre Lalbenque ensemble.<\/strong><\/p>\r\n                    \r\n\r\n                    \r\n                    <p>Avec toute ma sinc\u00e9rit\u00e9, <\/p>\r\n                    \r\n\r\n                    \r\n                    <p>K\u00e9vin DELON, T\u00eate de liste \u00ab\u00a0Lalbenque Ensemble\u00a0\u00bb <\/p>\r\n                    \r\n                  <\/div>\r\n                <\/div>\r\n              <\/div>\r\n            <\/div>\r\n          <\/div>\r\n        <\/div>\r\n      <\/div>\r\n    <\/div>\r\n  <\/div>\r\n<\/div>","protected":false},"excerpt":{"rendered":"<p>Ch\u00e8res Lalbenquoises, chers Lalbenquois, Avant toute chose,&nbsp;je tiens \u00e0 remercier chaleureusement Liliane Lugol, maire sortante, pour son d\u00e9vouement et pour le travail qu\u2019elle a&nbsp;men\u00e9 depuis 2020.&nbsp;Apr\u00e8s l\u2019annonce de son retrait, j\u2019ai l\u2019honneur de conduire la liste \u201cLalbenque Ensemble\u201d&nbsp;lors des prochaines \u00e9lections municipales des 15 et 22 mars 2026 afin de&nbsp;continuer les actions engag\u00e9es.&nbsp; Il y [&hellip;]<\/p>\n","protected":false},"author":1,"featured_media":119,"parent":0,"menu_order":0,"comment_status":"closed","ping_status":"closed","template":"page-templates\/full-width-page.php","meta":{"footnotes":""},"class_list":["post-149","page","type-page","status-publish","has-post-thumbnail","hentry"],"_links":{"self":[{"href":"https:\/\/www.lalbenqueensemble.fr\/index.php\/wp-json\/wp\/v2\/pages\/149","targetHints":{"allow":["GET"]}}],"collection":[{"href":"https:\/\/www.lalbenqueensemble.fr\/index.php\/wp-json\/wp\/v2\/pages"}],"about":[{"href":"https:\/\/www.lalbenqueensemble.fr\/index.php\/wp-json\/wp\/v2\/types\/page"}],"author":[{"embeddable":true,"href":"https:\/\/www.lalbenqueensemble.fr\/index.php\/wp-json\/wp\/v2\/users\/1"}],"replies":[{"embeddable":true,"href":"https:\/\/www.lalbenqueensemble.fr\/index.php\/wp-json\/wp\/v2\/comments?post=149"}],"version-history":[{"count":10,"href":"https:\/\/www.lalbenqueensemble.fr\/index.php\/wp-json\/wp\/v2\/pages\/149\/revisions"}],"predecessor-version":[{"id":467,"href":"https:\/\/www.lalbenqueensemble.fr\/index.php\/wp-json\/wp\/v2\/pages\/149\/revisions\/467"}],"wp:featuredmedia":[{"embeddable":true,"href":"https:\/\/www.lalbenqueensemble.fr\/index.php\/wp-json\/wp\/v2\/media\/119"}],"wp:attachment":[{"href":"https:\/\/www.lalbenqueensemble.fr\/index.php\/wp-json\/wp\/v2\/media?parent=149"}],"curies":[{"name":"wp","href":"https:\/\/api.w.org\/{rel}","templated":true}]}}