{"id":925,"date":"2026-02-24T10:10:50","date_gmt":"2026-02-24T10:10:50","guid":{"rendered":"https:\/\/www.lalbenqueensemble.fr\/?page_id=925"},"modified":"2026-02-24T10:12:50","modified_gmt":"2026-02-24T10:12:50","slug":"consultation","status":"publish","type":"page","link":"https:\/\/www.lalbenqueensemble.fr\/index.php\/consultation\/","title":{"rendered":"Consultation"},"content":{"rendered":"\n<p>\ud83d\udce2 <strong>Dans le cadre des \u00e9lections municipales de mars 2026, la liste \u00ab Lalbenque Ensemble \u00bb, conduite par K\u00e9vin DELON, adjoint au Maire, vous donne la parole.<\/strong> <\/p>\n\n\n\n<p>Ch\u00e8res Lalbenquoises, chers Lalbenquois,<\/p>\n\n\n\n<p>Depuis plusieurs semaines, une belle dynamique collective s\u2019est engag\u00e9e autour de la liste Lalbenque Ensemble. Les rencontres, les \u00e9changes et l\u2019\u00e9nergie qui se d\u00e9gagent sur le terrain confirment une chose essentielle : l\u2019envie de construire l\u2019avenir de Lalbenque est bien r\u00e9elle et largement partag\u00e9e. <\/p>\n\n\n\n<p><strong>Je vous propose une liste de rassemblement, aux diverses sensibilit\u00e9s, ind\u00e9pendante, dans laquelle vous pourrez vous reconna\u00eetre.<\/strong><\/p>\n\n\n\n<p> D\u00e8s le d\u00e9but de la campagne, nous avons propos\u00e9s les projets prioritaires port\u00e9s par la liste Lalbenque Ensemble : l&rsquo;\u00e9cole, la mise en oeuvre de la \u00ab\u00a0Vision Lalbenque 2035\u00a0\u00bb avec l&rsquo;am\u00e9nagement du bourg, le p\u00f4le touristique et scientifique autour de la truffe. D&rsquo;autres projets viennent compl\u00e9ter ces premi\u00e8res propositions. Ils reposent sur les \u00e9tudes men\u00e9es depuis 2020 qu&rsquo;il est n\u00e9cessaire de mettre en oeuvre progressivement. <\/p>\n\n\n\n<p>Votre avis compte : vos id\u00e9es, vos attentes et vos pr\u00e9occupations sont au c\u0153ur de notre d\u00e9marche pour <strong>faire Lalbenque Ensemble. Participez \u00e0 notre consultation ! <\/strong><\/p>\n\n\n\n<p><strong>Faisons avancer Lalbenque ensemble ! <\/strong><\/p>\n\n\n\n<p><strong>K\u00e9vin Delon T\u00eate de liste Lalbenque Ensemble <\/strong><\/p>\n\n\n\n<p>N\u2019h\u00e9sitez pas \u00e0 soumettre le sujet qui vous semble prioritaire pour l&rsquo;avenir de Lalbenque avec ce formulaire ! <\/p>\n\n\n\n<p>\u2935\ufe0f\u2935\ufe0f\u2935\ufe0f <\/p>\n\n\n\n<p><\/p>\n\n\n\n<p>Le lien :\u00a0<a href=\"https:\/\/docs.google.com\/forms\/d\/1pooMRvsTLLOsvTrNVmonDh9yhGtWg-6sF1mix0IkFxU\/edit\" target=\"_blank\" rel=\"noreferrer noopener\">https:\/\/docs.google.com\/forms\/d\/1pooMRvsTLLOsvTrNVmonDh9yhGtWg-6sF1mix0IkFxU\/edit<\/a><\/p>\n\n\n\n<p><\/p>\n","protected":false},"excerpt":{"rendered":"<p>\ud83d\udce2 Dans le cadre des \u00e9lections municipales de mars 2026, la liste \u00ab Lalbenque Ensemble \u00bb, conduite par K\u00e9vin DELON, adjoint au Maire, vous donne la parole. Ch\u00e8res Lalbenquoises, chers Lalbenquois, Depuis plusieurs semaines, une belle dynamique collective s\u2019est engag\u00e9e autour de la liste Lalbenque Ensemble. Les rencontres, les \u00e9changes et l\u2019\u00e9nergie qui se d\u00e9gagent [&hellip;]<\/p>\n","protected":false},"author":1,"featured_media":0,"parent":0,"menu_order":0,"comment_status":"closed","ping_status":"closed","template":"","meta":{"footnotes":""},"class_list":["post-925","page","type-page","status-publish","hentry"],"_links":{"self":[{"href":"https:\/\/www.lalbenqueensemble.fr\/index.php\/wp-json\/wp\/v2\/pages\/925","targetHints":{"allow":["GET"]}}],"collection":[{"href":"https:\/\/www.lalbenqueensemble.fr\/index.php\/wp-json\/wp\/v2\/pages"}],"about":[{"href":"https:\/\/www.lalbenqueensemble.fr\/index.php\/wp-json\/wp\/v2\/types\/page"}],"author":[{"embeddable":true,"href":"https:\/\/www.lalbenqueensemble.fr\/index.php\/wp-json\/wp\/v2\/users\/1"}],"replies":[{"embeddable":true,"href":"https:\/\/www.lalbenqueensemble.fr\/index.php\/wp-json\/wp\/v2\/comments?post=925"}],"version-history":[{"count":3,"href":"https:\/\/www.lalbenqueensemble.fr\/index.php\/wp-json\/wp\/v2\/pages\/925\/revisions"}],"predecessor-version":[{"id":928,"href":"https:\/\/www.lalbenqueensemble.fr\/index.php\/wp-json\/wp\/v2\/pages\/925\/revisions\/928"}],"wp:attachment":[{"href":"https:\/\/www.lalbenqueensemble.fr\/index.php\/wp-json\/wp\/v2\/media?parent=925"}],"curies":[{"name":"wp","href":"https:\/\/api.w.org\/{rel}","templated":true}]}}