{"id":937,"date":"2026-02-24T10:17:17","date_gmt":"2026-02-24T10:17:17","guid":{"rendered":"https:\/\/www.lalbenqueensemble.fr\/?page_id=937"},"modified":"2026-03-09T06:06:28","modified_gmt":"2026-03-09T06:06:28","slug":"tous-les-articles","status":"publish","type":"page","link":"https:\/\/www.lalbenqueensemble.fr\/index.php\/tous-les-articles\/","title":{"rendered":"Tous les articles"},"content":{"rendered":"<div data-colibri-id=\"937-c1\" class=\"style-494 style-local-937-c1 position-relative\">\n  <!---->\n  <div data-colibri-component=\"section\" data-colibri-id=\"937-c2\" id=\"custom\" class=\"h-section h-section-global-spacing d-flex align-items-lg-center align-items-md-center align-items-center style-506 style-local-937-c2 position-relative\">\n    <!---->\n    <!---->\n    <div class=\"h-section-grid-container h-section-boxed-container\">\n      <!---->\n      <div data-colibri-id=\"937-c3\" class=\"h-row-container gutters-row-lg-2 gutters-row-md-2 gutters-row-0 gutters-row-v-lg-2 gutters-row-v-md-2 gutters-row-v-2 style-567 style-local-937-c3 position-relative\">\n        <!---->\n        <div class=\"h-row justify-content-lg-center justify-content-md-center justify-content-center align-items-lg-stretch align-items-md-stretch align-items-stretch gutters-col-lg-2 gutters-col-md-2 gutters-col-0 gutters-col-v-lg-2 gutters-col-v-md-2 gutters-col-v-2\">\n          <!---->\n          <div class=\"h-column h-column-container d-flex h-col-lg-auto h-col-md-auto h-col-auto style-568-outer style-local-937-c4-outer\">\n            <div data-colibri-id=\"937-c4\" class=\"d-flex h-flex-basis h-column__inner h-px-lg-2 h-px-md-2 h-px-2 v-inner-lg-2 v-inner-md-2 v-inner-2 style-568 style-local-937-c4 position-relative\">\n              <!---->\n              <!---->\n              <div class=\"w-100 h-y-container h-column__content h-column__v-align flex-basis-100 align-self-lg-start align-self-md-start align-self-start\">\n                <!---->\n                <div data-colibri-id=\"937-c5\" class=\"h-divider style-566 style-local-937-c5 position-relative h-element\">\n                  <!----><span class=\"h-divider__line style-566-line style-local-937-c5-line style-566-line style-local-937-c5-line\"><\/span><\/div>\n              <\/div>\n            <\/div>\n          <\/div>\n        <\/div>\n      <\/div>\n      <div data-colibri-id=\"937-c6\" class=\"h-row-container gutters-row-lg-2 gutters-row-md-2 gutters-row-0 gutters-row-v-lg-2 gutters-row-v-md-2 gutters-row-v-2 style-520 style-local-937-c6 position-relative\">\n        <!---->\n        <div class=\"h-row justify-content-lg-center justify-content-md-center justify-content-center align-items-lg-stretch align-items-md-stretch align-items-stretch gutters-col-lg-2 gutters-col-md-2 gutters-col-0 gutters-col-v-lg-2 gutters-col-v-md-2 gutters-col-v-2\">\n          <!---->\n          <div class=\"h-column h-column-container d-flex h-col-lg-auto h-col-md-auto h-col-auto style-521-outer style-local-937-c7-outer\">\n            <div data-colibri-id=\"937-c7\" class=\"d-flex h-flex-basis h-column__inner h-px-lg-2 h-px-md-2 h-px-2 v-inner-lg-2 v-inner-md-2 v-inner-2 style-521 style-local-937-c7 position-relative\">\n              <!---->\n              <!---->\n              <div class=\"w-100 h-y-container h-column__content h-column__v-align flex-basis-100 align-self-lg-start align-self-md-start align-self-start\">\n                <!---->\n                <div data-colibri-id=\"937-c8\" class=\"d-block style-526 style-local-937-c8 position-relative h-element\">\n                  <!---->\n                  <div class=\"h-image__frame-container-outer\">\n                    <a href=\"https:\/\/www.lalbenqueensemble.fr\/index.php\/2026\/02\/24\/reunion-publique\/\" h-use-smooth-scroll=\"true\" class=\"image-link\">\n                      <div class=\"h-image__frame-container\">\n                        <!---->\n                        <!---->\n                        <img loading=\"lazy\" decoding=\"async\" width=\"1414\" height=\"1414\" src=\"https:\/\/www.lalbenqueensemble.fr\/wp-content\/uploads\/2026\/02\/cropped-IMG_6535.jpeg\" class=\"wp-image-957 style-526-image style-local-937-c8-image\" alt=\"\" srcset=\"https:\/\/www.lalbenqueensemble.fr\/wp-content\/uploads\/2026\/02\/cropped-IMG_6535.jpeg 1414w, https:\/\/www.lalbenqueensemble.fr\/wp-content\/uploads\/2026\/02\/cropped-IMG_6535-300x300.jpeg 300w, https:\/\/www.lalbenqueensemble.fr\/wp-content\/uploads\/2026\/02\/cropped-IMG_6535-1024x1024.jpeg 1024w, https:\/\/www.lalbenqueensemble.fr\/wp-content\/uploads\/2026\/02\/cropped-IMG_6535-150x150.jpeg 150w, https:\/\/www.lalbenqueensemble.fr\/wp-content\/uploads\/2026\/02\/cropped-IMG_6535-768x768.jpeg 768w\" sizes=\"auto, (max-width: 1414px) 100vw, 1414px\" \/>\n                        <div class=\"h-image__frame h-hide-lg h-hide-md h-hide-sm style-526-frameImage style-local-937-c8-frameImage\"><\/div>\n                      <\/div>\n                    <\/a>\n                  <\/div>\n                <\/div>\n                <div data-colibri-id=\"937-c9\" class=\"h-x-container style-539 style-local-937-c9 position-relative h-element\">\n                  <!---->\n                  <div class=\"h-x-container-inner style-dynamic-937-c9-group style-539-spacing style-local-937-c9-spacing\"><span class=\"h-link__outer style-540-outer style-local-937-c10-outer d-inline-flex h-element\"><a h-use-smooth-scroll=\"true\" href=\"https:\/\/www.lalbenqueensemble.fr\/index.php\/2026\/02\/24\/reunion-publique\/\"  data-colibri-id=\"937-c10\" class=\"d-flex w-100 align-items-center h-link style-540 style-local-937-c10 position-relative\"><!----><!----> <span>R\u00e9union publique 27\/02<\/span><\/a>\n                    <\/span>\n                  <\/div>\n                <\/div>\n              <\/div>\n            <\/div>\n          <\/div>\n          <div class=\"h-column h-column-container d-flex h-col-lg-auto h-col-md-auto h-col-auto style-522-outer style-local-937-c11-outer\">\n            <div data-colibri-id=\"937-c11\" class=\"d-flex h-flex-basis h-column__inner h-px-lg-2 h-px-md-2 h-px-2 v-inner-lg-2 v-inner-md-2 v-inner-2 style-522 style-local-937-c11 position-relative\">\n              <!---->\n              <!---->\n              <div class=\"w-100 h-y-container h-column__content h-column__v-align flex-basis-100 align-self-lg-start align-self-md-start align-self-start\">\n                <!---->\n                <div data-colibri-id=\"937-c12\" class=\"d-block style-525 style-local-937-c12 position-relative h-element\">\n                  <!---->\n                  <div class=\"h-image__frame-container-outer\">\n                    <a href=\"https:\/\/www.lalbenqueensemble.fr\/index.php\/2026\/02\/24\/rencontre-atelier-2\/\" h-use-smooth-scroll=\"true\" class=\"image-link\">\n                      <div class=\"h-image__frame-container\">\n                        <!---->\n                        <!---->\n                        <img loading=\"lazy\" decoding=\"async\" width=\"1414\" height=\"1414\" src=\"https:\/\/www.lalbenqueensemble.fr\/wp-content\/uploads\/2026\/02\/cropped-IMG_6543.jpeg\" class=\"wp-image-956 style-525-image style-local-937-c12-image\" alt=\"\" srcset=\"https:\/\/www.lalbenqueensemble.fr\/wp-content\/uploads\/2026\/02\/cropped-IMG_6543.jpeg 1414w, https:\/\/www.lalbenqueensemble.fr\/wp-content\/uploads\/2026\/02\/cropped-IMG_6543-300x300.jpeg 300w, https:\/\/www.lalbenqueensemble.fr\/wp-content\/uploads\/2026\/02\/cropped-IMG_6543-1024x1024.jpeg 1024w, https:\/\/www.lalbenqueensemble.fr\/wp-content\/uploads\/2026\/02\/cropped-IMG_6543-150x150.jpeg 150w, https:\/\/www.lalbenqueensemble.fr\/wp-content\/uploads\/2026\/02\/cropped-IMG_6543-768x768.jpeg 768w\" sizes=\"auto, (max-width: 1414px) 100vw, 1414px\" \/>\n                        <div class=\"h-image__frame h-hide-lg h-hide-md h-hide-sm style-525-frameImage style-local-937-c12-frameImage\"><\/div>\n                      <\/div>\n                    <\/a>\n                  <\/div>\n                <\/div>\n                <div data-colibri-id=\"937-c13\" class=\"h-x-container style-553 style-local-937-c13 position-relative h-element\">\n                  <!---->\n                  <div class=\"h-x-container-inner style-dynamic-937-c13-group style-553-spacing style-local-937-c13-spacing\"><span class=\"h-link__outer style-554-outer style-local-937-c14-outer d-inline-flex h-element\"><a h-use-smooth-scroll=\"true\" href=\"https:\/\/www.lalbenqueensemble.fr\/index.php\/2026\/02\/24\/rencontre-atelier-2\/\"  data-colibri-id=\"937-c14\" class=\"d-flex w-100 align-items-center h-link style-554 style-local-937-c14 position-relative\"><!----><!----> <span>Rencontre atelier 28\/02<\/span><\/a>\n                    <\/span>\n                  <\/div>\n                <\/div>\n              <\/div>\n            <\/div>\n          <\/div>\n          <div class=\"h-column h-column-container d-flex h-col-lg-auto h-col-md-auto h-col-auto style-523-outer style-local-937-c15-outer\">\n            <div data-colibri-id=\"937-c15\" class=\"d-flex h-flex-basis h-column__inner h-px-lg-2 h-px-md-2 h-px-2 v-inner-lg-2 v-inner-md-2 v-inner-2 style-523 style-local-937-c15 position-relative\">\n              <!---->\n              <!---->\n              <div class=\"w-100 h-y-container h-column__content h-column__v-align flex-basis-100 align-self-lg-start align-self-md-start align-self-start\">\n                <!---->\n                <div data-colibri-id=\"937-c16\" class=\"d-block style-524 style-local-937-c16 position-relative h-element\">\n                  <!---->\n                  <div class=\"h-image__frame-container-outer\">\n                    <a href=\"https:\/\/www.lalbenqueensemble.fr\/index.php\/2026\/02\/19\/la-belle-rando\/\" h-use-smooth-scroll=\"true\" class=\"image-link\">\n                      <div class=\"h-image__frame-container\">\n                        <!---->\n                        <!---->\n                        <img loading=\"lazy\" decoding=\"async\" width=\"1411\" height=\"1414\" src=\"https:\/\/www.lalbenqueensemble.fr\/wp-content\/uploads\/2026\/02\/cropped-IMG_6241.jpeg\" class=\"wp-image-955 style-524-image style-local-937-c16-image\" alt=\"\" srcset=\"https:\/\/www.lalbenqueensemble.fr\/wp-content\/uploads\/2026\/02\/cropped-IMG_6241.jpeg 1411w, https:\/\/www.lalbenqueensemble.fr\/wp-content\/uploads\/2026\/02\/cropped-IMG_6241-300x300.jpeg 300w, https:\/\/www.lalbenqueensemble.fr\/wp-content\/uploads\/2026\/02\/cropped-IMG_6241-1022x1024.jpeg 1022w, https:\/\/www.lalbenqueensemble.fr\/wp-content\/uploads\/2026\/02\/cropped-IMG_6241-150x150.jpeg 150w, https:\/\/www.lalbenqueensemble.fr\/wp-content\/uploads\/2026\/02\/cropped-IMG_6241-768x770.jpeg 768w\" sizes=\"auto, (max-width: 1411px) 100vw, 1411px\" \/>\n                        <div class=\"h-image__frame h-hide-lg h-hide-md h-hide-sm style-524-frameImage style-local-937-c16-frameImage\"><\/div>\n                      <\/div>\n                    <\/a>\n                  <\/div>\n                <\/div>\n                <div data-colibri-id=\"937-c17\" class=\"h-x-container style-551 style-local-937-c17 position-relative h-element\">\n                  <!---->\n                  <div class=\"h-x-container-inner style-dynamic-937-c17-group style-551-spacing style-local-937-c17-spacing\"><span class=\"h-link__outer style-552-outer style-local-937-c18-outer d-inline-flex h-element\"><a h-use-smooth-scroll=\"true\" href=\"https:\/\/www.lalbenqueensemble.fr\/index.php\/2026\/02\/19\/la-belle-rando\/\"  data-colibri-id=\"937-c18\" class=\"d-flex w-100 align-items-center h-link style-552 style-local-937-c18 position-relative\"><!----><!----> <span>La belle rando!<\/span><\/a>\n                    <\/span>\n                  <\/div>\n                <\/div>\n              <\/div>\n            <\/div>\n          <\/div>\n          <div class=\"h-column h-column-container d-flex h-col-lg-auto h-col-md-auto h-col-auto style-536-outer style-local-937-c19-outer\">\n            <div data-colibri-id=\"937-c19\" class=\"d-flex h-flex-basis h-column__inner h-px-lg-2 h-px-md-2 h-px-2 v-inner-lg-2 v-inner-md-2 v-inner-2 style-536 style-local-937-c19 position-relative\">\n              <!---->\n              <!---->\n              <div class=\"w-100 h-y-container h-column__content h-column__v-align flex-basis-100 align-self-lg-start align-self-md-start align-self-start\">\n                <!---->\n                <div data-colibri-id=\"937-c20\" class=\"d-block style-537 style-local-937-c20 position-relative h-element\">\n                  <!---->\n                  <div class=\"h-image__frame-container-outer\">\n                    <a href=\"https:\/\/www.lalbenqueensemble.fr\/index.php\/2026\/02\/19\/rencontre-atelier\/\" h-use-smooth-scroll=\"true\" class=\"image-link\">\n                      <div class=\"h-image__frame-container\">\n                        <!---->\n                        <!---->\n                        <img loading=\"lazy\" decoding=\"async\" width=\"1414\" height=\"1414\" src=\"https:\/\/www.lalbenqueensemble.fr\/wp-content\/uploads\/2026\/02\/cropped-IMG_6225.jpeg\" class=\"wp-image-954 style-537-image style-local-937-c20-image\" alt=\"\" srcset=\"https:\/\/www.lalbenqueensemble.fr\/wp-content\/uploads\/2026\/02\/cropped-IMG_6225.jpeg 1414w, https:\/\/www.lalbenqueensemble.fr\/wp-content\/uploads\/2026\/02\/cropped-IMG_6225-300x300.jpeg 300w, https:\/\/www.lalbenqueensemble.fr\/wp-content\/uploads\/2026\/02\/cropped-IMG_6225-1024x1024.jpeg 1024w, https:\/\/www.lalbenqueensemble.fr\/wp-content\/uploads\/2026\/02\/cropped-IMG_6225-150x150.jpeg 150w, https:\/\/www.lalbenqueensemble.fr\/wp-content\/uploads\/2026\/02\/cropped-IMG_6225-768x768.jpeg 768w\" sizes=\"auto, (max-width: 1414px) 100vw, 1414px\" \/>\n                        <div class=\"h-image__frame h-hide-lg h-hide-md h-hide-sm style-537-frameImage style-local-937-c20-frameImage\"><\/div>\n                      <\/div>\n                    <\/a>\n                  <\/div>\n                <\/div>\n                <div data-colibri-id=\"937-c21\" class=\"h-x-container style-549 style-local-937-c21 position-relative h-element\">\n                  <!---->\n                  <div class=\"h-x-container-inner style-dynamic-937-c21-group style-549-spacing style-local-937-c21-spacing\"><span class=\"h-link__outer style-550-outer style-local-937-c22-outer d-inline-flex h-element\"><a h-use-smooth-scroll=\"true\" href=\"https:\/\/www.lalbenqueensemble.fr\/index.php\/2026\/02\/19\/rencontre-atelier\/\"  data-colibri-id=\"937-c22\" class=\"d-flex w-100 align-items-center h-link style-550 style-local-937-c22 position-relative\"><!----><!----> <span>Rencontre atelier 21\/02<\/span><\/a>\n                    <\/span>\n                  <\/div>\n                <\/div>\n              <\/div>\n            <\/div>\n          <\/div>\n        <\/div>\n      <\/div>\n      <div data-colibri-id=\"937-c23\" class=\"h-row-container gutters-row-lg-2 gutters-row-md-2 gutters-row-0 gutters-row-v-lg-2 gutters-row-v-md-2 gutters-row-v-2 style-563 style-local-937-c23 position-relative\">\n        <!---->\n        <div class=\"h-row justify-content-lg-center justify-content-md-center justify-content-center align-items-lg-stretch align-items-md-stretch align-items-stretch gutters-col-lg-2 gutters-col-md-2 gutters-col-0 gutters-col-v-lg-2 gutters-col-v-md-2 gutters-col-v-2\">\n          <!---->\n          <div class=\"h-column h-column-container d-flex h-col-lg-auto h-col-md-auto h-col-auto style-564-outer style-local-937-c24-outer\">\n            <div data-colibri-id=\"937-c24\" class=\"d-flex h-flex-basis h-column__inner h-px-lg-2 h-px-md-2 h-px-2 v-inner-lg-2 v-inner-md-2 v-inner-2 style-564 style-local-937-c24 position-relative\">\n              <!---->\n              <!---->\n              <div class=\"w-100 h-y-container h-column__content h-column__v-align flex-basis-100 align-self-lg-start align-self-md-start align-self-start\">\n                <!---->\n                <div data-colibri-id=\"937-c25\" class=\"h-divider style-562 style-local-937-c25 position-relative h-element\">\n                  <!----><span class=\"h-divider__line style-562-line style-local-937-c25-line style-562-line style-local-937-c25-line\"><\/span><\/div>\n              <\/div>\n            <\/div>\n          <\/div>\n        <\/div>\n      <\/div>\n      <div data-colibri-id=\"937-c26\" class=\"h-row-container gutters-row-lg-2 gutters-row-md-2 gutters-row-0 gutters-row-v-lg-2 gutters-row-v-md-2 gutters-row-v-2 style-507 style-local-937-c26 position-relative\">\n        <!---->\n        <div class=\"h-row justify-content-lg-center justify-content-md-center justify-content-center align-items-lg-stretch align-items-md-stretch align-items-stretch gutters-col-lg-2 gutters-col-md-2 gutters-col-0 gutters-col-v-lg-2 gutters-col-v-md-2 gutters-col-v-2\">\n          <!---->\n          <div class=\"h-column h-column-container d-flex h-col-lg-auto h-col-md-auto h-col-auto style-508-outer style-local-937-c27-outer\">\n            <div data-colibri-id=\"937-c27\" class=\"d-flex h-flex-basis h-column__inner h-px-lg-2 h-px-md-2 h-px-2 v-inner-lg-2 v-inner-md-2 v-inner-2 style-508 style-local-937-c27 position-relative\">\n              <!---->\n              <!---->\n              <div class=\"w-100 h-y-container h-column__content h-column__v-align flex-basis-100 align-self-lg-start align-self-md-start align-self-start\">\n                <!---->\n                <div data-colibri-id=\"937-c28\" class=\"d-block style-512 style-local-937-c28 position-relative h-element\">\n                  <!---->\n                  <div class=\"h-image__frame-container-outer\">\n                    <a href=\"https:\/\/www.lalbenqueensemble.fr\/index.php\/2026\/02\/17\/kevin-delon-devoile-la-deuxieme-partie-de-la-liste-lalbenque-ensemble\/\" h-use-smooth-scroll=\"true\" class=\"image-link\">\n                      <div class=\"h-image__frame-container\">\n                        <!---->\n                        <!---->\n                        <img loading=\"lazy\" decoding=\"async\" width=\"1280\" height=\"1280\" src=\"https:\/\/www.lalbenqueensemble.fr\/wp-content\/uploads\/2026\/02\/cropped-Lalbenque-Ensemble-.jpeg\" class=\"wp-image-959 style-512-image style-local-937-c28-image\" alt=\"\" srcset=\"https:\/\/www.lalbenqueensemble.fr\/wp-content\/uploads\/2026\/02\/cropped-Lalbenque-Ensemble-.jpeg 1280w, https:\/\/www.lalbenqueensemble.fr\/wp-content\/uploads\/2026\/02\/cropped-Lalbenque-Ensemble--300x300.jpeg 300w, https:\/\/www.lalbenqueensemble.fr\/wp-content\/uploads\/2026\/02\/cropped-Lalbenque-Ensemble--1024x1024.jpeg 1024w, https:\/\/www.lalbenqueensemble.fr\/wp-content\/uploads\/2026\/02\/cropped-Lalbenque-Ensemble--150x150.jpeg 150w, https:\/\/www.lalbenqueensemble.fr\/wp-content\/uploads\/2026\/02\/cropped-Lalbenque-Ensemble--768x768.jpeg 768w\" sizes=\"auto, (max-width: 1280px) 100vw, 1280px\" \/>\n                        <div class=\"h-image__frame h-hide-lg h-hide-md h-hide-sm style-512-frameImage style-local-937-c28-frameImage\"><\/div>\n                      <\/div>\n                    <\/a>\n                  <\/div>\n                <\/div>\n                <div data-colibri-id=\"937-c29\" class=\"h-x-container style-547 style-local-937-c29 position-relative h-element\">\n                  <!---->\n                  <div class=\"h-x-container-inner style-dynamic-937-c29-group style-547-spacing style-local-937-c29-spacing\"><span class=\"h-link__outer style-548-outer style-local-937-c30-outer d-inline-flex h-element\"><a h-use-smooth-scroll=\"true\" href=\"https:\/\/www.lalbenqueensemble.fr\/index.php\/2026\/02\/17\/kevin-delon-devoile-la-deuxieme-partie-de-la-liste-lalbenque-ensemble\/\"  data-colibri-id=\"937-c30\" class=\"d-flex w-100 align-items-center h-link style-548 style-local-937-c30 position-relative\"><!----><!----> <span>K\u00e9vin DELON d\u00e9voile la deuxi\u00e8me partie de la liste Lalbenque Ensemble<\/span><\/a>\n                    <\/span>\n                  <\/div>\n                <\/div>\n              <\/div>\n            <\/div>\n          <\/div>\n          <div class=\"h-column h-column-container d-flex h-col-lg-auto h-col-md-auto h-col-auto style-509-outer style-local-937-c31-outer\">\n            <div data-colibri-id=\"937-c31\" class=\"d-flex h-flex-basis h-column__inner h-px-lg-2 h-px-md-2 h-px-2 v-inner-lg-2 v-inner-md-2 v-inner-2 style-509 style-local-937-c31 position-relative\">\n              <!---->\n              <!---->\n              <div class=\"w-100 h-y-container h-column__content h-column__v-align flex-basis-100 align-self-lg-start align-self-md-start align-self-start\">\n                <!---->\n                <div data-colibri-id=\"937-c32\" class=\"d-block style-513 style-local-937-c32 position-relative h-element\">\n                  <!---->\n                  <div class=\"h-image__frame-container-outer\">\n                    <a href=\"https:\/\/www.lalbenqueensemble.fr\/index.php\/2026\/02\/12\/lecole-notre-projet-prioritaire\/\" h-use-smooth-scroll=\"true\" class=\"image-link\">\n                      <div class=\"h-image__frame-container\">\n                        <!---->\n                        <!---->\n                        <img loading=\"lazy\" decoding=\"async\" width=\"759\" height=\"759\" src=\"https:\/\/www.lalbenqueensemble.fr\/wp-content\/uploads\/2026\/02\/cropped-B9735508037Z.1_20231121104641_000G4HNR7E78.1-0.jpg\" class=\"wp-image-958 style-513-image style-local-937-c32-image\" alt=\"\" srcset=\"https:\/\/www.lalbenqueensemble.fr\/wp-content\/uploads\/2026\/02\/cropped-B9735508037Z.1_20231121104641_000G4HNR7E78.1-0.jpg 759w, https:\/\/www.lalbenqueensemble.fr\/wp-content\/uploads\/2026\/02\/cropped-B9735508037Z.1_20231121104641_000G4HNR7E78.1-0-300x300.jpg 300w, https:\/\/www.lalbenqueensemble.fr\/wp-content\/uploads\/2026\/02\/cropped-B9735508037Z.1_20231121104641_000G4HNR7E78.1-0-150x150.jpg 150w\" sizes=\"auto, (max-width: 759px) 100vw, 759px\" \/>\n                        <div class=\"h-image__frame h-hide-lg h-hide-md h-hide-sm style-513-frameImage style-local-937-c32-frameImage\"><\/div>\n                      <\/div>\n                    <\/a>\n                  <\/div>\n                <\/div>\n                <div data-colibri-id=\"937-c33\" class=\"h-x-container style-545 style-local-937-c33 position-relative h-element\">\n                  <!---->\n                  <div class=\"h-x-container-inner style-dynamic-937-c33-group style-545-spacing style-local-937-c33-spacing\"><span class=\"h-link__outer style-546-outer style-local-937-c34-outer d-inline-flex h-element\"><a h-use-smooth-scroll=\"true\" href=\"https:\/\/www.lalbenqueensemble.fr\/index.php\/2026\/02\/12\/lecole-notre-projet-prioritaire\/\"  data-colibri-id=\"937-c34\" class=\"d-flex w-100 align-items-center h-link style-546 style-local-937-c34 position-relative\"><!----><!----> <span>L\u2019\u00e9cole : notre projet prioritaire<\/span><\/a>\n                    <\/span>\n                  <\/div>\n                <\/div>\n              <\/div>\n            <\/div>\n          <\/div>\n          <div class=\"h-column h-column-container d-flex h-col-lg-auto h-col-md-auto h-col-auto style-510-outer style-local-937-c35-outer\">\n            <div data-colibri-id=\"937-c35\" class=\"d-flex h-flex-basis h-column__inner h-px-lg-2 h-px-md-2 h-px-2 v-inner-lg-2 v-inner-md-2 v-inner-2 style-510 style-local-937-c35 position-relative\">\n              <!---->\n              <!---->\n              <div class=\"w-100 h-y-container h-column__content h-column__v-align flex-basis-100 align-self-lg-start align-self-md-start align-self-start\">\n                <!---->\n                <div data-colibri-id=\"937-c36\" class=\"d-block style-514 style-local-937-c36 position-relative h-element\">\n                  <!---->\n                  <div class=\"h-image__frame-container-outer\">\n                    <a href=\"https:\/\/www.lalbenqueensemble.fr\/index.php\/2026\/02\/06\/la-gare-de-lalbenque-fontanes-un-atout-a-valoriser-pour-notre-territoire\/\" h-use-smooth-scroll=\"true\" class=\"image-link\">\n                      <div class=\"h-image__frame-container\">\n                        <!---->\n                        <!---->\n                        <img loading=\"lazy\" decoding=\"async\" width=\"1916\" height=\"1916\" src=\"https:\/\/www.lalbenqueensemble.fr\/wp-content\/uploads\/2026\/02\/cropped-IMG_5648-scaled-1.jpg\" class=\"wp-image-953 style-514-image style-local-937-c36-image\" alt=\"\" srcset=\"https:\/\/www.lalbenqueensemble.fr\/wp-content\/uploads\/2026\/02\/cropped-IMG_5648-scaled-1.jpg 1916w, https:\/\/www.lalbenqueensemble.fr\/wp-content\/uploads\/2026\/02\/cropped-IMG_5648-scaled-1-300x300.jpg 300w, https:\/\/www.lalbenqueensemble.fr\/wp-content\/uploads\/2026\/02\/cropped-IMG_5648-scaled-1-1024x1024.jpg 1024w, https:\/\/www.lalbenqueensemble.fr\/wp-content\/uploads\/2026\/02\/cropped-IMG_5648-scaled-1-150x150.jpg 150w, https:\/\/www.lalbenqueensemble.fr\/wp-content\/uploads\/2026\/02\/cropped-IMG_5648-scaled-1-768x768.jpg 768w, https:\/\/www.lalbenqueensemble.fr\/wp-content\/uploads\/2026\/02\/cropped-IMG_5648-scaled-1-1536x1536.jpg 1536w\" sizes=\"auto, (max-width: 1916px) 100vw, 1916px\" \/>\n                        <div class=\"h-image__frame h-hide-lg h-hide-md h-hide-sm style-514-frameImage style-local-937-c36-frameImage\"><\/div>\n                      <\/div>\n                    <\/a>\n                  <\/div>\n                <\/div>\n                <div data-colibri-id=\"937-c37\" class=\"h-x-container style-543 style-local-937-c37 position-relative h-element\">\n                  <!---->\n                  <div class=\"h-x-container-inner style-dynamic-937-c37-group style-543-spacing style-local-937-c37-spacing\"><span class=\"h-link__outer style-544-outer style-local-937-c38-outer d-inline-flex h-element\"><a h-use-smooth-scroll=\"true\" href=\"https:\/\/www.lalbenqueensemble.fr\/index.php\/2026\/02\/06\/la-gare-de-lalbenque-fontanes-un-atout-a-valoriser-pour-notre-territoire\/\"  data-colibri-id=\"937-c38\" class=\"d-flex w-100 align-items-center h-link style-544 style-local-937-c38 position-relative\"><!----><!----> <span>La gare de Lalbenque-Fontanes : un atout \u00e0 valoriser pour notre territoire !<\/span><\/a>\n                    <\/span>\n                  <\/div>\n                <\/div>\n              <\/div>\n            <\/div>\n          <\/div>\n          <div class=\"h-column h-column-container d-flex h-col-lg-auto h-col-md-auto h-col-auto style-511-outer style-local-937-c39-outer\">\n            <div data-colibri-id=\"937-c39\" class=\"d-flex h-flex-basis h-column__inner h-px-lg-2 h-px-md-2 h-px-2 v-inner-lg-2 v-inner-md-2 v-inner-2 style-511 style-local-937-c39 position-relative\">\n              <!---->\n              <!---->\n              <div class=\"w-100 h-y-container h-column__content h-column__v-align flex-basis-100 align-self-lg-start align-self-md-start align-self-start\">\n                <!---->\n                <div data-colibri-id=\"937-c40\" class=\"d-block style-515 style-local-937-c40 position-relative h-element\">\n                  <!---->\n                  <div class=\"h-image__frame-container-outer\">\n                    <a href=\"https:\/\/www.lalbenqueensemble.fr\/index.php\/2026\/02\/06\/elections-municipales-a-lalbenque-kevin-delon-devoile-une-partie-dela-liste-lalbenque-ensemble\/\" h-use-smooth-scroll=\"true\" class=\"image-link\">\n                      <div class=\"h-image__frame-container\">\n                        <!---->\n                        <!---->\n                        <img loading=\"lazy\" decoding=\"async\" width=\"768\" height=\"767\" src=\"https:\/\/www.lalbenqueensemble.fr\/wp-content\/uploads\/2026\/02\/cropped-groupe-new-02-1.jpg\" class=\"wp-image-960 style-515-image style-local-937-c40-image\" alt=\"\" srcset=\"https:\/\/www.lalbenqueensemble.fr\/wp-content\/uploads\/2026\/02\/cropped-groupe-new-02-1.jpg 768w, https:\/\/www.lalbenqueensemble.fr\/wp-content\/uploads\/2026\/02\/cropped-groupe-new-02-1-300x300.jpg 300w, https:\/\/www.lalbenqueensemble.fr\/wp-content\/uploads\/2026\/02\/cropped-groupe-new-02-1-150x150.jpg 150w\" sizes=\"auto, (max-width: 768px) 100vw, 768px\" \/>\n                        <div class=\"h-image__frame h-hide-lg h-hide-md h-hide-sm style-515-frameImage style-local-937-c40-frameImage\"><\/div>\n                      <\/div>\n                    <\/a>\n                  <\/div>\n                <\/div>\n                <div data-colibri-id=\"937-c41\" class=\"h-x-container style-541 style-local-937-c41 position-relative h-element\">\n                  <!---->\n                  <div class=\"h-x-container-inner style-dynamic-937-c41-group style-541-spacing style-local-937-c41-spacing\"><span class=\"h-link__outer style-542-outer style-local-937-c42-outer d-inline-flex h-element\"><a h-use-smooth-scroll=\"true\" href=\"https:\/\/www.lalbenqueensemble.fr\/index.php\/2026\/02\/06\/elections-municipales-a-lalbenque-kevin-delon-devoile-une-partie-dela-liste-lalbenque-ensemble\/\"  data-colibri-id=\"937-c42\" class=\"d-flex w-100 align-items-center h-link style-542 style-local-937-c42 position-relative\"><!----><!----> <span>\u00c9lections municipales \u00e0 Lalbenque : K\u00e9vin DELON d\u00e9voile une partie de la liste Lalbenque Ensemble<\/span><\/a>\n                    <\/span>\n                  <\/div>\n                <\/div>\n              <\/div>\n            <\/div>\n          <\/div>\n        <\/div>\n      <\/div>\n      <div data-colibri-id=\"937-c43\" class=\"h-row-container gutters-row-lg-2 gutters-row-md-2 gutters-row-0 gutters-row-v-lg-2 gutters-row-v-md-2 gutters-row-v-2 style-558 style-local-937-c43 position-relative\">\n        <!---->\n        <div class=\"h-row justify-content-lg-center justify-content-md-center justify-content-center align-items-lg-stretch align-items-md-stretch align-items-stretch gutters-col-lg-2 gutters-col-md-2 gutters-col-0 gutters-col-v-lg-2 gutters-col-v-md-2 gutters-col-v-2\">\n          <!---->\n          <div class=\"h-column h-column-container d-flex h-col-lg-auto h-col-md-auto h-col-auto style-559-outer style-local-937-c44-outer\">\n            <div data-colibri-id=\"937-c44\" class=\"d-flex h-flex-basis h-column__inner h-px-lg-2 h-px-md-2 h-px-2 v-inner-lg-2 v-inner-md-2 v-inner-2 style-559 style-local-937-c44 position-relative\">\n              <!---->\n              <!---->\n              <div class=\"w-100 h-y-container h-column__content h-column__v-align flex-basis-100 align-self-lg-start align-self-md-start align-self-start\">\n                <!---->\n                <div data-colibri-id=\"937-c45\" class=\"style-560 style-local-937-c45 position-relative h-element\">\n                  <!---->\n                <\/div>\n              <\/div>\n            <\/div>\n          <\/div>\n        <\/div>\n      <\/div>\n    <\/div>\n  <\/div>\n<\/div>","protected":false},"excerpt":{"rendered":"<p>R\u00e9union publique 27\/02 Rencontre atelier 28\/02 La belle rando! Rencontre atelier 21\/02 K\u00e9vin DELON d\u00e9voile la deuxi\u00e8me partie de la liste Lalbenque Ensemble L\u2019\u00e9cole : notre projet prioritaire La gare de Lalbenque-Fontanes : un atout \u00e0 valoriser pour notre territoire ! \u00c9lections municipales \u00e0 Lalbenque : K\u00e9vin DELON d\u00e9voile une partie de la liste Lalbenque [&hellip;]<\/p>\n","protected":false},"author":1,"featured_media":0,"parent":0,"menu_order":0,"comment_status":"closed","ping_status":"closed","template":"page-templates\/full-width-page.php","meta":{"footnotes":""},"class_list":["post-937","page","type-page","status-publish","hentry"],"_links":{"self":[{"href":"https:\/\/www.lalbenqueensemble.fr\/index.php\/wp-json\/wp\/v2\/pages\/937","targetHints":{"allow":["GET"]}}],"collection":[{"href":"https:\/\/www.lalbenqueensemble.fr\/index.php\/wp-json\/wp\/v2\/pages"}],"about":[{"href":"https:\/\/www.lalbenqueensemble.fr\/index.php\/wp-json\/wp\/v2\/types\/page"}],"author":[{"embeddable":true,"href":"https:\/\/www.lalbenqueensemble.fr\/index.php\/wp-json\/wp\/v2\/users\/1"}],"replies":[{"embeddable":true,"href":"https:\/\/www.lalbenqueensemble.fr\/index.php\/wp-json\/wp\/v2\/comments?post=937"}],"version-history":[{"count":7,"href":"https:\/\/www.lalbenqueensemble.fr\/index.php\/wp-json\/wp\/v2\/pages\/937\/revisions"}],"predecessor-version":[{"id":1144,"href":"https:\/\/www.lalbenqueensemble.fr\/index.php\/wp-json\/wp\/v2\/pages\/937\/revisions\/1144"}],"wp:attachment":[{"href":"https:\/\/www.lalbenqueensemble.fr\/index.php\/wp-json\/wp\/v2\/media?parent=937"}],"curies":[{"name":"wp","href":"https:\/\/api.w.org\/{rel}","templated":true}]}}